{"id":41,"date":"2023-12-22T14:49:36","date_gmt":"2023-12-22T14:49:36","guid":{"rendered":"https:\/\/parkinsonvoixetdeglutition.ca\/?page_id=41"},"modified":"2024-07-23T21:17:30","modified_gmt":"2024-07-23T21:17:30","slug":"nouvelles-technologies-et-maladie-de-parkinson-une-recherche-en-co-creation","status":"publish","type":"page","link":"https:\/\/parkinsonvoixetdeglutition.ca\/?page_id=41","title":{"rendered":""},"content":{"rendered":"\n<div class=\"wp-block-essential-blocks-advanced-heading  root-eb-advance-heading-g6lbd\"><div class=\"eb-parent-wrapper eb-parent-eb-advance-heading-g6lbd \"><div class=\"eb-advance-heading-wrapper eb-advance-heading-g6lbd preset-0\" data-id=\"eb-advance-heading-g6lbd\"><h1 class=\"eb-ah-title\">Nouvelles technologies et maladie de Parkinson : Une recherche en co-cr\u00e9ation<\/h1><\/div><\/div><\/div>\n\n\n\n<div class=\"wp-block-essential-blocks-wrapper alignfull  root-eb-wrapper-p4umbfv\"><div class=\"eb-parent-wrapper eb-parent-eb-wrapper-p4umbfv \"><div class=\"eb-wrapper-outer eb-wrapper-p4umbfv\"><div class=\"eb-wrapper-inner\"><div class=\"eb-wrapper-inner-blocks eb-wrapper-align-center\">\n<div class=\"wp-block-group\"><div class=\"wp-block-group__inner-container is-layout-constrained wp-block-group-is-layout-constrained\">\n<div class=\"wp-block-essential-blocks-advanced-heading  root-eb-advance-heading-lp933rg\"><div class=\"eb-parent-wrapper eb-parent-eb-advance-heading-lp933rg eb_animation eb___animated eb___zoomIn\"><div class=\"eb-advance-heading-wrapper eb-advance-heading-lp933rg button-1\" data-id=\"eb-advance-heading-lp933rg\"><h2 class=\"eb-ah-title\">\u00c0 propos<\/h2><\/div><\/div><\/div>\n\n\n\n<p>La Technologie Intra-Auriculaire est un dispositif \u00e9lectronique port\u00e9 dans les oreilles, capable d&#8217;enregistrer divers sons internes tels que la respiration, les battements de c\u0153ur, la parole, la mastication, et d&#8217;autres encore. Gr\u00e2ce \u00e0 des algorithmes aliment\u00e9s par l&#8217;intelligence artificielle, ces signaux peuvent \u00eatre interpr\u00e9t\u00e9s pour d\u00e9tecter pr\u00e9cocement la maladie de Parkinson, surveiller son \u00e9volution et permettre un suivi th\u00e9rapeutique \u00e0 distance. Cependant, le d\u00e9veloppement de ces algorithmes intelligents n\u00e9cessite la collecte de grandes quantit\u00e9s de donn\u00e9es provenant des enregistrements effectu\u00e9s par ces dispositifs. \u2009Plusieurs questions qui se posent, telles que&nbsp;\u00ab\u2009Est-ce que la technologie est respectueuses de la vie priv\u00e9e ? Est-ce que la technologie est vraiment d\u00e9sir\u00e9e par ses les futures personnes usag\u00e8res ? Est-ce qu\u2019elle r\u00e9pond \u00e0 leurs besoins ?&nbsp; Serait-elle accessible ? est-ce qu\u2019elle est \u00e9cologiquement responsable\u2009? \u00bb Afin de prendre en compte ces pr\u00e9occupations et innover de mani\u00e8re responsable, l&#8217;\u00e9quipe de recherche a collabor\u00e9 avec des personnes atteintes de la maladie de Parkinson, une proche aidante et une orthophoniste pour \u00e9laborer ensemble un protocole de recherche faisable et acceptable, permettant d&#8217;effectuer des enregistrements avec les TIA.<\/p>\n<\/div><\/div>\n\n\n\n<div class=\"wp-block-essential-blocks-row alignfull  root-eb-row-rugm8b5\"><div class=\"eb-parent-wrapper eb-parent-eb-row-rugm8b5 \"><div class=\"eb-row-root-container eb-row-rugm8b5\" data-id=\"eb-row-rugm8b5\"><div class=\"eb-row-wrapper\"><div class=\"eb-row-inner\">\n<div class=\"wp-block-essential-blocks-column  root-eb-column-7zqvygv\"><div class=\"eb-parent-wrapper eb-parent-eb-column-7zqvygv eb_animation eb___animated eb___fadeInLeft\"><div class=\"eb-column-wrapper eb-column-7zqvygv\"><div class=\"eb-column-inner\">\n<div class=\"wp-block-essential-blocks-advanced-heading  root-eb-advance-heading-w4uz5f6\"><div class=\"eb-parent-wrapper eb-parent-eb-advance-heading-w4uz5f6 \"><div class=\"eb-advance-heading-wrapper eb-advance-heading-w4uz5f6 button-1\" data-id=\"eb-advance-heading-w4uz5f6\"><h2 class=\"eb-ah-title\"><\/h2><p class=\"eb-ah-subtitle\">    Les personnes atteintes de la maladie de Parkinson, avec lesquelles      l&#8217;\u00e9quipe de recherche a travaill\u00e9 pour \u00e9laborer le protocole de      recherche en vue d&#8217;effectuer des enregistrements avec les     technologies intra-auriculaires, ont eu l&#8217;occasion de tester les     dispositifs. Elles ont g\u00e9n\u00e9reusement partag\u00e9 leurs exp\u00e9riences et     t\u00e9moignages dans cette capsule vid\u00e9o. <\/p><\/div><\/div><\/div>\n<\/div><\/div><\/div><\/div>\n\n\n\n<div class=\"wp-block-essential-blocks-column  root-eb-column-j0boskd\"><div class=\"eb-parent-wrapper eb-parent-eb-column-j0boskd \"><div class=\"eb-column-wrapper eb-column-j0boskd\"><div class=\"eb-column-inner\">\n<figure class=\"wp-block-embed is-type-video is-provider-youtube wp-block-embed-youtube wp-embed-aspect-16-9 wp-has-aspect-ratio\"><div class=\"wp-block-embed__wrapper\">\n<div class=\"nv-iframe-embed\"><iframe loading=\"lazy\" title=\"\u00c9couter \u00e0 l&#039;int\u00e9rieur de l&#039;oreille pour mieux d\u00e9tecter la maladie de Parkinson\" width=\"1200\" height=\"675\" src=\"https:\/\/www.youtube.com\/embed\/X5SbSp-dbo0?feature=oembed\" frameborder=\"0\" allow=\"accelerometer; autoplay; clipboard-write; encrypted-media; gyroscope; picture-in-picture; web-share\" referrerpolicy=\"strict-origin-when-cross-origin\" allowfullscreen><\/iframe><\/div>\n<\/div><\/figure>\n<\/div><\/div><\/div><\/div>\n<\/div><\/div><\/div><\/div><\/div>\n\n\n\n<div class=\"wp-block-essential-blocks-row alignfull  root-eb-row-x04m4qy\"><div class=\"eb-parent-wrapper eb-parent-eb-row-x04m4qy \"><div class=\"eb-row-root-container eb-row-x04m4qy\" data-id=\"eb-row-x04m4qy\"><div class=\"eb-row-wrapper\"><div class=\"eb-row-inner\">\n<div class=\"wp-block-essential-blocks-column  root-eb-column-6072ewk\"><div class=\"eb-parent-wrapper eb-parent-eb-column-6072ewk \"><div class=\"eb-column-wrapper eb-column-6072ewk\"><div class=\"eb-column-inner\">\n<figure class=\"wp-block-embed is-type-video is-provider-youtube wp-block-embed-youtube wp-embed-aspect-16-9 wp-has-aspect-ratio\"><div class=\"wp-block-embed__wrapper\">\n<div class=\"nv-iframe-embed\"><iframe loading=\"lazy\" title=\"D\u00e9tecter parkinson de fa\u00e7on pr\u00e9coce?\" width=\"1200\" height=\"675\" src=\"https:\/\/www.youtube.com\/embed\/69rkaPysHeA?feature=oembed\" frameborder=\"0\" allow=\"accelerometer; autoplay; clipboard-write; encrypted-media; gyroscope; picture-in-picture; web-share\" referrerpolicy=\"strict-origin-when-cross-origin\" allowfullscreen><\/iframe><\/div>\n<\/div><\/figure>\n<\/div><\/div><\/div><\/div>\n\n\n\n<div class=\"wp-block-essential-blocks-column  root-eb-column-mvafck8\"><div class=\"eb-parent-wrapper eb-parent-eb-column-mvafck8 eb_animation eb___animated eb___fadeInRight\"><div class=\"eb-column-wrapper eb-column-mvafck8\"><div class=\"eb-column-inner\">\n<div class=\"wp-block-essential-blocks-advanced-heading  root-eb-advance-heading-h2tjbem\"><div class=\"eb-parent-wrapper eb-parent-eb-advance-heading-h2tjbem \"><div class=\"eb-advance-heading-wrapper eb-advance-heading-h2tjbem button-1\" data-id=\"eb-advance-heading-h2tjbem\"><h2 class=\"eb-ah-title\"><\/h2><p class=\"eb-ah-subtitle\">Ingrid Verduyckt, chercheur principale \u00e0 l&#8217;universit\u00e9 de Montr\u00e9al et directrice du labo IV, pr\u00e9sente le projet de co-d\u00e9veloppement de technologies intra-auriculaires, r\u00e9alis\u00e9 avec et pour les personnes atteintes de la maladie de Parkinson lors du colloque intitul\u00e9 &#8220;Recherche participative et handicap : Dialogue France-Qu\u00e9bec,&#8221; qui s&#8217;est d\u00e9roul\u00e9 en octobre 2023 lors de la 35e \u00e9dition des Entretiens Jacques Cartier. Le colloque a \u00e9t\u00e9 organis\u00e9 en partenariat international par la Fedrha, la Soci\u00e9t\u00e9 Inclusive, le REPAR, ainsi que les Universit\u00e9s Gustave Eiffel, Laval, Lyon 2, et McGill. <\/p><\/div><\/div><\/div>\n<\/div><\/div><\/div><\/div>\n<\/div><\/div><\/div><\/div><\/div>\n<\/div><\/div><\/div><\/div><\/div>\n\n\n\n<div class=\"wp-block-essential-blocks-wrapper alignfull  root-eb-wrapper-hy9v6\"><div class=\"eb-parent-wrapper eb-parent-eb-wrapper-hy9v6 \"><div class=\"eb-wrapper-outer eb-wrapper-hy9v6\"><div class=\"eb-wrapper-inner\"><div class=\"eb-wrapper-inner-blocks eb-wrapper-align-center\">\n<div class=\"wp-block-group\"><div class=\"wp-block-group__inner-container is-layout-constrained wp-block-group-is-layout-constrained\">\n<div class=\"wp-block-essential-blocks-advanced-heading  root-eb-advance-heading-x4002\"><div class=\"eb-parent-wrapper eb-parent-eb-advance-heading-x4002 eb_animation eb___animated eb___zoomIn\"><div class=\"eb-advance-heading-wrapper eb-advance-heading-x4002 button-1\" data-id=\"eb-advance-heading-x4002\"><h2 class=\"eb-ah-title\"> Nos affiches<\/h2><\/div><\/div><\/div>\n<\/div><\/div>\n\n\n\n<div class=\"wp-block-essential-blocks-row alignfull  root-eb-row-3mrop\"><div class=\"eb-parent-wrapper eb-parent-eb-row-3mrop \"><div class=\"eb-row-root-container eb-row-3mrop\" data-id=\"eb-row-3mrop\"><div class=\"eb-row-wrapper\"><div class=\"eb-row-inner\">\n<div class=\"wp-block-essential-blocks-column  root-eb-column-5ce7h\"><div class=\"eb-parent-wrapper eb-parent-eb-column-5ce7h \"><div class=\"eb-column-wrapper eb-column-5ce7h\"><div class=\"eb-column-inner\">\n<div class=\"wp-block-group is-nowrap is-layout-flex wp-container-core-group-is-layout-ad2f72ca wp-block-group-is-layout-flex\">\n<figure class=\"wp-block-image size-large is-resized\"><img loading=\"lazy\" decoding=\"async\" width=\"1024\" height=\"768\" src=\"https:\/\/parkinsonvoixetdeglutition.ca\/wp-content\/uploads\/2024\/07\/affiche-TIA-Journee-de-la-recherche-EOA2024-1024x768.jpg\" alt=\"\" class=\"wp-image-345\" style=\"width:547px;height:auto\" srcset=\"https:\/\/parkinsonvoixetdeglutition.ca\/wp-content\/uploads\/2024\/07\/affiche-TIA-Journee-de-la-recherche-EOA2024-1024x768.jpg 1024w, https:\/\/parkinsonvoixetdeglutition.ca\/wp-content\/uploads\/2024\/07\/affiche-TIA-Journee-de-la-recherche-EOA2024-300x225.jpg 300w, https:\/\/parkinsonvoixetdeglutition.ca\/wp-content\/uploads\/2024\/07\/affiche-TIA-Journee-de-la-recherche-EOA2024-768x576.jpg 768w, https:\/\/parkinsonvoixetdeglutition.ca\/wp-content\/uploads\/2024\/07\/affiche-TIA-Journee-de-la-recherche-EOA2024-1536x1152.jpg 1536w, https:\/\/parkinsonvoixetdeglutition.ca\/wp-content\/uploads\/2024\/07\/affiche-TIA-Journee-de-la-recherche-EOA2024-2048x1536.jpg 2048w\" sizes=\"auto, (max-width: 1024px) 100vw, 1024px\" \/><\/figure>\n\n\n\n<figure class=\"wp-block-image size-large is-resized\"><img loading=\"lazy\" decoding=\"async\" width=\"967\" height=\"1024\" src=\"https:\/\/parkinsonvoixetdeglutition.ca\/wp-content\/uploads\/2024\/07\/affiche-TIA-5e-congres-quebecois-967x1024.jpg\" alt=\"\" class=\"wp-image-346\" style=\"width:482px;height:auto\" srcset=\"https:\/\/parkinsonvoixetdeglutition.ca\/wp-content\/uploads\/2024\/07\/affiche-TIA-5e-congres-quebecois-967x1024.jpg 967w, https:\/\/parkinsonvoixetdeglutition.ca\/wp-content\/uploads\/2024\/07\/affiche-TIA-5e-congres-quebecois-283x300.jpg 283w, https:\/\/parkinsonvoixetdeglutition.ca\/wp-content\/uploads\/2024\/07\/affiche-TIA-5e-congres-quebecois-768x813.jpg 768w, https:\/\/parkinsonvoixetdeglutition.ca\/wp-content\/uploads\/2024\/07\/affiche-TIA-5e-congres-quebecois-1451x1536.jpg 1451w, https:\/\/parkinsonvoixetdeglutition.ca\/wp-content\/uploads\/2024\/07\/affiche-TIA-5e-congres-quebecois-1934x2048.jpg 1934w\" sizes=\"auto, (max-width: 967px) 100vw, 967px\" \/><\/figure>\n<\/div>\n\n\n\n<div class=\"wp-block-group is-nowrap is-layout-flex wp-container-core-group-is-layout-ad2f72ca wp-block-group-is-layout-flex\">\n<figure class=\"wp-block-image size-large is-resized\"><img loading=\"lazy\" decoding=\"async\" width=\"1024\" height=\"768\" src=\"http:\/\/parkinsonvoixetdeglutition.ca\/wp-content\/uploads\/2024\/07\/Affiche-TIA-soiree-EOA-1024x768.jpg\" alt=\"\" class=\"wp-image-344\" style=\"width:523px;height:auto\" srcset=\"https:\/\/parkinsonvoixetdeglutition.ca\/wp-content\/uploads\/2024\/07\/Affiche-TIA-soiree-EOA-1024x768.jpg 1024w, https:\/\/parkinsonvoixetdeglutition.ca\/wp-content\/uploads\/2024\/07\/Affiche-TIA-soiree-EOA-300x225.jpg 300w, https:\/\/parkinsonvoixetdeglutition.ca\/wp-content\/uploads\/2024\/07\/Affiche-TIA-soiree-EOA-768x576.jpg 768w, https:\/\/parkinsonvoixetdeglutition.ca\/wp-content\/uploads\/2024\/07\/Affiche-TIA-soiree-EOA-1536x1152.jpg 1536w, https:\/\/parkinsonvoixetdeglutition.ca\/wp-content\/uploads\/2024\/07\/Affiche-TIA-soiree-EOA-2048x1536.jpg 2048w\" sizes=\"auto, (max-width: 1024px) 100vw, 1024px\" \/><\/figure>\n\n\n\n<figure class=\"wp-block-image size-large is-resized\"><img loading=\"lazy\" decoding=\"async\" width=\"1024\" height=\"764\" src=\"http:\/\/parkinsonvoixetdeglutition.ca\/wp-content\/uploads\/2024\/01\/image-3-1024x764.png\" alt=\"\" class=\"wp-image-198\" style=\"width:515px;height:auto\" srcset=\"https:\/\/parkinsonvoixetdeglutition.ca\/wp-content\/uploads\/2024\/01\/image-3-1024x764.png 1024w, https:\/\/parkinsonvoixetdeglutition.ca\/wp-content\/uploads\/2024\/01\/image-3-300x224.png 300w, https:\/\/parkinsonvoixetdeglutition.ca\/wp-content\/uploads\/2024\/01\/image-3-768x573.png 768w, https:\/\/parkinsonvoixetdeglutition.ca\/wp-content\/uploads\/2024\/01\/image-3-1536x1147.png 1536w, https:\/\/parkinsonvoixetdeglutition.ca\/wp-content\/uploads\/2024\/01\/image-3-2048x1529.png 2048w\" sizes=\"auto, (max-width: 1024px) 100vw, 1024px\" \/><\/figure>\n<\/div>\n\n\n\n<figure class=\"wp-block-embed is-type-video is-provider-youtube wp-block-embed-youtube wp-embed-aspect-4-3 wp-has-aspect-ratio\"><div class=\"wp-block-embed__wrapper\">\n<div class=\"nv-iframe-embed\"><iframe loading=\"lazy\" title=\"Protocole avec des patients-partenaires atteints de la maladie de Parkinson et des proches aidants\" width=\"1200\" height=\"900\" src=\"https:\/\/www.youtube.com\/embed\/dHxbcJn406E?feature=oembed\" frameborder=\"0\" allow=\"accelerometer; autoplay; clipboard-write; encrypted-media; gyroscope; picture-in-picture; web-share\" referrerpolicy=\"strict-origin-when-cross-origin\" allowfullscreen><\/iframe><\/div>\n<\/div><\/figure>\n<\/div><\/div><\/div><\/div>\n<\/div><\/div><\/div><\/div><\/div>\n<\/div><\/div><\/div><\/div><\/div>\n\n\n\n<div class=\"wp-block-essential-blocks-wrapper alignfull  root-eb-wrapper-9llpb\"><div class=\"eb-parent-wrapper eb-parent-eb-wrapper-9llpb \"><div class=\"eb-wrapper-outer eb-wrapper-9llpb\"><div class=\"eb-wrapper-inner\"><div class=\"eb-wrapper-inner-blocks eb-wrapper-align-center\">\n<div class=\"wp-block-group\"><div class=\"wp-block-group__inner-container is-layout-constrained wp-block-group-is-layout-constrained\">\n<div class=\"wp-block-essential-blocks-advanced-heading  root-eb-advance-heading-ib21e\"><div class=\"eb-parent-wrapper eb-parent-eb-advance-heading-ib21e eb_animation eb___animated eb___zoomIn\"><div class=\"eb-advance-heading-wrapper eb-advance-heading-ib21e button-1\" data-id=\"eb-advance-heading-ib21e\"><h2 class=\"eb-ah-title\"> Nos w\u00e9binaires<\/h2><\/div><\/div><\/div>\n<\/div><\/div>\n\n\n\n<div class=\"wp-block-group is-nowrap is-layout-flex wp-container-core-group-is-layout-ad2f72ca wp-block-group-is-layout-flex\">\n<figure class=\"wp-block-embed is-type-video is-provider-youtube wp-block-embed-youtube wp-embed-aspect-16-9 wp-has-aspect-ratio\"><div class=\"wp-block-embed__wrapper\">\n<div class=\"nv-iframe-embed\"><iframe loading=\"lazy\" title=\"Intelligence artificielle pour les personnes ayant la maladie de Parkinson\" width=\"1200\" height=\"675\" src=\"https:\/\/www.youtube.com\/embed\/plldM63Hs0o?feature=oembed\" frameborder=\"0\" allow=\"accelerometer; autoplay; clipboard-write; encrypted-media; gyroscope; picture-in-picture; web-share\" referrerpolicy=\"strict-origin-when-cross-origin\" allowfullscreen><\/iframe><\/div>\n<\/div><\/figure>\n<\/div>\n\n\n\n<div class=\"wp-block-group alignfull\"><div class=\"wp-block-group__inner-container is-layout-constrained wp-block-group-is-layout-constrained\">\n<div class=\"wp-block-group alignfull\"><div class=\"wp-block-group__inner-container is-layout-constrained wp-block-group-is-layout-constrained\">\n<div class=\"wp-block-essential-blocks-row alignfull  root-eb-row-pmj6p\"><div class=\"eb-parent-wrapper eb-parent-eb-row-pmj6p \"><div class=\"eb-row-root-container eb-row-pmj6p\" data-id=\"eb-row-pmj6p\"><div class=\"eb-row-wrapper\"><div class=\"eb-row-inner\">\n<div class=\"wp-block-essential-blocks-column  root-eb-column-c9my4\"><div class=\"eb-parent-wrapper eb-parent-eb-column-c9my4 \"><div class=\"eb-column-wrapper eb-column-c9my4\"><div class=\"eb-column-inner\">\n<figure class=\"wp-block-embed is-type-video is-provider-youtube wp-block-embed-youtube wp-embed-aspect-16-9 wp-has-aspect-ratio\"><div class=\"wp-block-embed__wrapper\">\n<div class=\"nv-iframe-embed\"><iframe loading=\"lazy\" title=\"Intelligence artificielle pour les personnes ayant la maladie de Parkinson\" width=\"1200\" height=\"675\" src=\"https:\/\/www.youtube.com\/embed\/plldM63Hs0o?feature=oembed\" frameborder=\"0\" allow=\"accelerometer; autoplay; clipboard-write; encrypted-media; gyroscope; picture-in-picture; web-share\" referrerpolicy=\"strict-origin-when-cross-origin\" allowfullscreen><\/iframe><\/div>\n<\/div><\/figure>\n\n\n\n<figure class=\"wp-block-embed is-type-video is-provider-youtube wp-block-embed-youtube wp-embed-aspect-16-9 wp-has-aspect-ratio\"><div class=\"wp-block-embed__wrapper\">\n<div class=\"nv-iframe-embed\"><iframe loading=\"lazy\" title=\"Conf\u00e9rence en ligne - Une technologie qui pourrait permettre de mieux d\u00e9tecter le Parkinson?\" width=\"1200\" height=\"675\" src=\"https:\/\/www.youtube.com\/embed\/CownNIlX_Wc?feature=oembed\" frameborder=\"0\" allow=\"accelerometer; autoplay; clipboard-write; encrypted-media; gyroscope; picture-in-picture; web-share\" referrerpolicy=\"strict-origin-when-cross-origin\" allowfullscreen><\/iframe><\/div>\n<\/div><\/figure>\n\n\n\n<div class=\"wp-block-group is-nowrap is-layout-flex wp-container-core-group-is-layout-ad2f72ca wp-block-group-is-layout-flex\">\n<figure class=\"wp-block-embed is-type-video is-provider-youtube wp-block-embed-youtube wp-embed-aspect-16-9 wp-has-aspect-ratio\"><div class=\"wp-block-embed__wrapper\">\n<div class=\"nv-iframe-embed\"><iframe loading=\"lazy\" title=\"Conf\u00e9rence en ligne - Une technologie qui pourrait permettre de mieux d\u00e9tecter le Parkinson?\" width=\"1200\" height=\"675\" src=\"https:\/\/www.youtube.com\/embed\/CownNIlX_Wc?feature=oembed\" frameborder=\"0\" allow=\"accelerometer; autoplay; clipboard-write; encrypted-media; gyroscope; picture-in-picture; web-share\" referrerpolicy=\"strict-origin-when-cross-origin\" allowfullscreen><\/iframe><\/div>\n<\/div><\/figure>\n<\/div>\n<\/div><\/div><\/div><\/div>\n<\/div><\/div><\/div><\/div><\/div>\n<\/div><\/div>\n<\/div><\/div>\n\n\n\n<div class=\"wp-block-group is-nowrap is-layout-flex wp-container-core-group-is-layout-ad2f72ca wp-block-group-is-layout-flex\">\n<figure class=\"wp-block-embed is-type-video is-provider-youtube wp-block-embed-youtube wp-embed-aspect-16-9 wp-has-aspect-ratio\"><div class=\"wp-block-embed__wrapper\">\n<div class=\"nv-iframe-embed\"><iframe loading=\"lazy\" title=\"Conf\u00e9rence en ligne - Une technologie qui pourrait permettre de mieux d\u00e9tecter le Parkinson?\" width=\"1200\" height=\"675\" src=\"https:\/\/www.youtube.com\/embed\/CownNIlX_Wc?feature=oembed\" frameborder=\"0\" allow=\"accelerometer; autoplay; clipboard-write; encrypted-media; gyroscope; picture-in-picture; web-share\" referrerpolicy=\"strict-origin-when-cross-origin\" allowfullscreen><\/iframe><\/div>\n<\/div><\/figure>\n<\/div>\n<\/div><\/div><\/div><\/div><\/div>\n\n\n\n<div class=\"wp-block-group alignfull\"><div class=\"wp-block-group__inner-container is-layout-constrained wp-block-group-is-layout-constrained\">\n<div class=\"wp-block-essential-blocks-wrapper alignfull  root-eb-wrapper-ifnnls9\"><div class=\"eb-parent-wrapper eb-parent-eb-wrapper-ifnnls9 \"><div class=\"eb-wrapper-outer eb-wrapper-ifnnls9\"><div class=\"eb-wrapper-inner\"><div class=\"eb-wrapper-inner-blocks eb-wrapper-align-center\">\n<div class=\"wp-block-essential-blocks-wrapper  root-eb-wrapper-hnmdf1v\"><div class=\"eb-parent-wrapper eb-parent-eb-wrapper-hnmdf1v \"><div class=\"eb-wrapper-outer eb-wrapper-hnmdf1v\"><div class=\"eb-wrapper-inner\"><div class=\"eb-wrapper-inner-blocks eb-wrapper-align-center\">\n<div class=\"wp-block-group\"><div class=\"wp-block-group__inner-container is-layout-constrained wp-block-group-is-layout-constrained\">\n<div class=\"wp-block-essential-blocks-advanced-heading  root-eb-advance-heading-8h4g50e\"><div class=\"eb-parent-wrapper eb-parent-eb-advance-heading-8h4g50e \"><div class=\"eb-advance-heading-wrapper eb-advance-heading-8h4g50e button-1\" data-id=\"eb-advance-heading-8h4g50e\"><h2 class=\"eb-ah-title\">Vous impliquer<\/h2><\/div><\/div><\/div>\n<\/div><\/div>\n<\/div><\/div><\/div><\/div><\/div>\n\n\n\n<div class=\"wp-block-essential-blocks-accordion  root-eb-accordion-snlzj\"><div class=\"eb-parent-wrapper eb-parent-eb-accordion-snlzj \"><div class=\"eb-accordion-container eb-accordion-snlzj\" data-accordion-type=\"accordion\" data-tab-icon=\"fas fa-angle-right\" data-expanded-icon=\"fas fa-angle-down\" data-transition-duration=\"500\"><div class=\"eb-accordion-inner\">\n<div class=\"wp-block-essential-blocks-accordion-item eb-accordion-item-ctv9a eb-accordion-wrapper\" data-clickable=\"false\"><div class=\"eb-accordion-title-wrapper eb-accordion-title-wrapper-eb-accordion-snlzj\" tabindex=\"0\"><span class=\"eb-accordion-icon-wrapper eb-accordion-icon-wrapper-eb-accordion-snlzj\"><span class=\"fas fa-angle-right eb-accordion-icon\"><\/span><\/span><div class=\"eb-accordion-title-content-wrap title-content-eb-accordion-snlzj\"><h3 class=\"eb-accordion-title\">Personne atteinte de la maladie de Parkinson<\/h3><\/div><\/div><div class=\"eb-accordion-content-wrapper eb-accordion-content-wrapper-eb-accordion-snlzj\"><div class=\"eb-accordion-content\">\n<p><strong>Vous pouvez vous impliquer \u00e0 ce projet de recherche si :<\/strong><\/p>\n\n\n\n<ol class=\"wp-block-list\">\n<li>Vous avez un diagnostic de la maladie de Parkinson <\/li>\n\n\n\n<li>Vous pouvez lire et \u00e9crire en fran\u00e7ais<\/li>\n\n\n\n<li>Vous ne portez pas des appareils auditifs <\/li>\n<\/ol>\n<\/div><\/div><\/div>\n\n\n\n<div class=\"wp-block-essential-blocks-accordion-item eb-accordion-item-tedwq eb-accordion-wrapper\" data-clickable=\"false\"><div class=\"eb-accordion-title-wrapper eb-accordion-title-wrapper-eb-accordion-snlzj\" tabindex=\"0\"><span class=\"eb-accordion-icon-wrapper eb-accordion-icon-wrapper-eb-accordion-snlzj\"><span class=\"fas fa-angle-right eb-accordion-icon\"><\/span><\/span><div class=\"eb-accordion-title-content-wrap title-content-eb-accordion-snlzj\"><h3 class=\"eb-accordion-title\">Personne sans la maladie de parkinson <\/h3><\/div><\/div><div class=\"eb-accordion-content-wrapper eb-accordion-content-wrapper-eb-accordion-snlzj\"><div class=\"eb-accordion-content\">\n<p><strong>Vous pouvez vous impliquer \u00e0 ce projet en tant qu&#8217;une personne contr\u00f4le (Porter les technologies intra-auriculaires) si :<\/strong><\/p>\n\n\n\n<ol class=\"wp-block-list\">\n<li>Vous n&#8217;avez pas une maladie neuro-d\u00e9g\u00e9n\u00e9rative<\/li>\n\n\n\n<li>Vous pouvez lire et \u00e9crire en fran\u00e7ais<\/li>\n\n\n\n<li>Vous ne portez pas des appareils auditifs <\/li>\n<\/ol>\n\n\n\n<p><strong>Vous pouvez vous impliquer \u00e0 ce projet en tant qu&#8217;une personne proche aidante (Ne pas porter les technologies intra-auriculaires) si :<\/strong><\/p>\n\n\n\n<ol class=\"wp-block-list\">\n<li>Vous n&#8217;avez pas une maladie neuro-d\u00e9g\u00e9n\u00e9rative<\/li>\n\n\n\n<li>Vous pouvez lire et \u00e9crire en fran\u00e7ais<\/li>\n\n\n\n<li>Vous \u00eates le proche d\u2019une personne avec ou sans la maladie de Parkinson qui participe au projet de recherche<\/li>\n<\/ol>\n<\/div><\/div><\/div>\n<\/div><\/div><\/div><\/div>\n<\/div><\/div><\/div><\/div><\/div>\n\n\n\n<div class=\"wp-block-essential-blocks-wrapper alignfull  root-eb-wrapper-2pnpy\"><div class=\"eb-parent-wrapper eb-parent-eb-wrapper-2pnpy \"><div class=\"eb-wrapper-outer eb-wrapper-2pnpy\"><div class=\"eb-wrapper-inner\"><div class=\"eb-wrapper-inner-blocks eb-wrapper-align-center\">\n<div class=\"wp-block-essential-blocks-wrapper  root-eb-wrapper-9renl\"><div class=\"eb-parent-wrapper eb-parent-eb-wrapper-9renl \"><div class=\"eb-wrapper-outer eb-wrapper-9renl\"><div class=\"eb-wrapper-inner\"><div class=\"eb-wrapper-inner-blocks eb-wrapper-align-center\">\n<div class=\"wp-block-group\"><div class=\"wp-block-group__inner-container is-layout-constrained wp-block-group-is-layout-constrained\">\n<div class=\"wp-block-essential-blocks-advanced-heading  root-eb-advance-heading-icam5\"><div class=\"eb-parent-wrapper eb-parent-eb-advance-heading-icam5 \"><div class=\"eb-advance-heading-wrapper eb-advance-heading-icam5 button-1\" data-id=\"eb-advance-heading-icam5\"><h2 class=\"eb-ah-title\">\u00c9quipe de recherche<\/h2><\/div><\/div><\/div>\n<\/div><\/div>\n\n\n\n<div class=\"wp-block-group alignfull is-nowrap is-layout-flex wp-container-core-group-is-layout-ad2f72ca wp-block-group-is-layout-flex\">\n<div class=\"wp-block-essential-blocks-team-member  root-eb-team-member-pve96\"><div class=\"eb-parent-wrapper eb-parent-eb-team-member-pve96 \"><div class=\"eb-team-member-pve96 eb-team-wrapper preset3  \"><div class=\"eb-team-inner\"><div class=\"eb-team-member-image\"><a href=\"https:\/\/labo4.ca\/apropos\/\" rel=\"noopener\"><img decoding=\"async\" class=\"eb-team-member-avatar\" src=\"http:\/\/parkinsonvoixetdeglutition.ca\/wp-content\/uploads\/2024\/01\/image-7.png\" alt=\"Ingrid Verduyckt\"\/><\/a><\/div><div class=\"eb-team-member-contents\"><div class=\"eb-team-member-texts\"><h3 class=\"eb-team-member-name\">Ingrid Verduyckt<\/h3><h4 class=\"eb-team-member-job-title\">Chercheuse Principale<\/h4><\/div><\/div><\/div><\/div><\/div><\/div>\n\n\n\n<div class=\"wp-block-essential-blocks-team-member  root-eb-team-member-jime0\"><div class=\"eb-parent-wrapper eb-parent-eb-team-member-jime0 \"><div class=\"eb-team-member-jime0 eb-team-wrapper preset3  \"><div class=\"eb-team-inner\"><div class=\"eb-team-member-image\"><a href=\"https:\/\/www.etsmtl.ca\/recherche\/professeurs-chercheurs\/rbouserhal\/\" rel=\"noopener\"><img decoding=\"async\" class=\"eb-team-member-avatar\" src=\"http:\/\/parkinsonvoixetdeglutition.ca\/wp-content\/uploads\/2024\/01\/image-8.png\" alt=\"Rachel Bouserhal\"\/><\/a><\/div><div class=\"eb-team-member-contents\"><div class=\"eb-team-member-texts\"><h3 class=\"eb-team-member-name\">Rachel Bouserhal<\/h3><h4 class=\"eb-team-member-job-title\">Chercheuse Principale<\/h4><\/div><\/div><\/div><\/div><\/div><\/div>\n\n\n\n<div class=\"wp-block-essential-blocks-team-member  root-eb-team-member-yah61\"><div class=\"eb-parent-wrapper eb-parent-eb-team-member-yah61 \"><div class=\"eb-team-member-yah61 eb-team-wrapper preset3  \"><div class=\"eb-team-inner\"><div class=\"eb-team-member-image\"><img decoding=\"async\" class=\"eb-team-member-avatar\" src=\"http:\/\/parkinsonvoixetdeglutition.ca\/wp-content\/uploads\/2024\/07\/20205914-ZF-8680-19063-1-001-001-1-scaled.jpg\" alt=\"Ons El Mokhtar\"\/><\/div><div class=\"eb-team-member-contents\"><div class=\"eb-team-member-texts\"><h3 class=\"eb-team-member-name\">Ons El Mokhtar<\/h3><h4 class=\"eb-team-member-job-title\">Membre \u00e9tudiante<\/h4><\/div><\/div><\/div><\/div><\/div><\/div>\n\n\n\n<div class=\"wp-block-essential-blocks-team-member  root-eb-team-member-1cnff\"><div class=\"eb-parent-wrapper eb-parent-eb-team-member-1cnff \"><div class=\"eb-team-member-1cnff eb-team-wrapper preset3  \"><div class=\"eb-team-inner\"><div class=\"eb-team-member-image\"><img decoding=\"async\" class=\"eb-team-member-avatar\" src=\"http:\/\/parkinsonvoixetdeglutition.ca\/wp-content\/uploads\/2024\/07\/20157415-scaled.jpg\" alt=\"Charline Delorme\"\/><\/div><div class=\"eb-team-member-contents\"><div class=\"eb-team-member-texts\"><h3 class=\"eb-team-member-name\">Charline Delorme<\/h3><h4 class=\"eb-team-member-job-title\">Membre \u00e9tudiante<\/h4><\/div><\/div><\/div><\/div><\/div><\/div>\n\n\n\n<div class=\"wp-block-essential-blocks-team-member  root-eb-team-member-f1gkp\"><div class=\"eb-parent-wrapper eb-parent-eb-team-member-f1gkp \"><div class=\"eb-team-member-f1gkp eb-team-wrapper preset3  \"><div class=\"eb-team-inner\"><div class=\"eb-team-member-image\"><img decoding=\"async\" class=\"eb-team-member-avatar\" src=\"http:\/\/parkinsonvoixetdeglutition.ca\/wp-content\/uploads\/2024\/07\/image-1.jpeg\" alt=\"Isabella Cesta\"\/><\/div><div class=\"eb-team-member-contents\"><div class=\"eb-team-member-texts\"><h3 class=\"eb-team-member-name\">Isabella Cesta<\/h3><h4 class=\"eb-team-member-job-title\">Membre \u00e9tudiante<\/h4><\/div><\/div><\/div><\/div><\/div><\/div>\n<\/div>\n<\/div><\/div><\/div><\/div><\/div>\n<\/div><\/div><\/div><\/div><\/div>\n\n\n\n<div class=\"wp-block-essential-blocks-wrapper alignfull  root-eb-wrapper-u5bai\"><div class=\"eb-parent-wrapper eb-parent-eb-wrapper-u5bai \"><div class=\"eb-wrapper-outer eb-wrapper-u5bai\"><div class=\"eb-wrapper-inner\"><div class=\"eb-wrapper-inner-blocks eb-wrapper-align-center\">\n<div class=\"wp-block-essential-blocks-wrapper  root-eb-wrapper-67le7\"><div class=\"eb-parent-wrapper eb-parent-eb-wrapper-67le7 \"><div class=\"eb-wrapper-outer eb-wrapper-67le7\"><div class=\"eb-wrapper-inner\"><div class=\"eb-wrapper-inner-blocks eb-wrapper-align-center\">\n<div class=\"wp-block-group\"><div class=\"wp-block-group__inner-container is-layout-constrained wp-block-group-is-layout-constrained\">\n<div class=\"wp-block-essential-blocks-advanced-heading  root-eb-advance-heading-n3g6n\"><div class=\"eb-parent-wrapper eb-parent-eb-advance-heading-n3g6n \"><div class=\"eb-advance-heading-wrapper eb-advance-heading-n3g6n button-1\" data-id=\"eb-advance-heading-n3g6n\"><h2 class=\"eb-ah-title\">Nos partenaires<\/h2><\/div><\/div><\/div>\n<\/div><\/div>\n<\/div><\/div><\/div><\/div><\/div>\n\n\n\n<figure class=\"wp-block-image alignfull size-large is-style-default\"><img loading=\"lazy\" decoding=\"async\" width=\"1024\" height=\"576\" src=\"https:\/\/parkinsonvoixetdeglutition.ca\/wp-content\/uploads\/2024\/07\/Logos-site-Parkinson-1024x576.png\" alt=\"\" class=\"wp-image-368\" srcset=\"https:\/\/parkinsonvoixetdeglutition.ca\/wp-content\/uploads\/2024\/07\/Logos-site-Parkinson-1024x576.png 1024w, https:\/\/parkinsonvoixetdeglutition.ca\/wp-content\/uploads\/2024\/07\/Logos-site-Parkinson-300x169.png 300w, https:\/\/parkinsonvoixetdeglutition.ca\/wp-content\/uploads\/2024\/07\/Logos-site-Parkinson-768x432.png 768w, https:\/\/parkinsonvoixetdeglutition.ca\/wp-content\/uploads\/2024\/07\/Logos-site-Parkinson-1536x864.png 1536w, https:\/\/parkinsonvoixetdeglutition.ca\/wp-content\/uploads\/2024\/07\/Logos-site-Parkinson.png 1920w\" sizes=\"auto, (max-width: 1024px) 100vw, 1024px\" \/><\/figure>\n<\/div><\/div><\/div><\/div><\/div>\n<\/div><\/div>\n\n\n\n<div class=\"wp-block-essential-blocks-wrapper alignfull  root-eb-wrapper-dq75ywq\"><div class=\"eb-parent-wrapper eb-parent-eb-wrapper-dq75ywq \"><div class=\"eb-wrapper-outer eb-wrapper-dq75ywq\"><div class=\"eb-wrapper-inner\"><div class=\"eb-wrapper-inner-blocks eb-wrapper-align-center\">\n<div class=\"wp-block-essential-blocks-row alignfull  root-eb-row-r4ca2xc\" id=\"hero_section\"><div class=\"eb-parent-wrapper eb-parent-eb-row-r4ca2xc \"><div class=\"eb-row-root-container eb-row-r4ca2xc\" data-id=\"eb-row-r4ca2xc\"><div class=\"eb-row-wrapper\"><div class=\"eb-row-inner\"><\/div><\/div><\/div><\/div><\/div>\n<\/div><\/div><\/div><\/div><\/div>\n","protected":false},"excerpt":{"rendered":"","protected":false},"author":2,"featured_media":295,"parent":0,"menu_order":0,"comment_status":"closed","ping_status":"closed","template":"","meta":{"_eb_attr":"","neve_meta_sidebar":"","neve_meta_container":"","neve_meta_enable_content_width":"","neve_meta_content_width":0,"neve_meta_title_alignment":"","neve_meta_author_avatar":"","neve_post_elements_order":"","neve_meta_disable_header":"","neve_meta_disable_footer":"","neve_meta_disable_title":"","footnotes":""},"class_list":["post-41","page","type-page","status-publish","has-post-thumbnail","hentry"],"yoast_head":"<!-- This site is optimized with the Yoast SEO plugin v27.4 - https:\/\/yoast.com\/product\/yoast-seo-wordpress\/ -->\n<title>- Parkinson Voix et D\u00e9glutition % %<\/title>\n<meta name=\"robots\" content=\"index, follow, max-snippet:-1, max-image-preview:large, max-video-preview:-1\" \/>\n<link rel=\"canonical\" href=\"https:\/\/parkinsonvoixetdeglutition.ca\/?page_id=41\" \/>\n<meta property=\"og:locale\" content=\"en_US\" \/>\n<meta property=\"og:type\" content=\"article\" \/>\n<meta property=\"og:title\" content=\"- Parkinson Voix et D\u00e9glutition % %\" \/>\n<meta property=\"og:url\" content=\"https:\/\/parkinsonvoixetdeglutition.ca\/?page_id=41\" \/>\n<meta property=\"og:site_name\" content=\"Parkinson Voix et D\u00e9glutition\" \/>\n<meta property=\"article:modified_time\" content=\"2024-07-23T21:17:30+00:00\" \/>\n<meta property=\"og:image\" content=\"http:\/\/parkinsonvoixetdeglutition.ca\/wp-content\/uploads\/2024\/07\/Parkinson_Voix_et_Deglutition_logo.png\" \/>\n\t<meta property=\"og:image:width\" content=\"873\" \/>\n\t<meta property=\"og:image:height\" content=\"589\" \/>\n\t<meta property=\"og:image:type\" content=\"image\/png\" \/>\n<meta name=\"twitter:card\" content=\"summary_large_image\" \/>\n<meta name=\"twitter:label1\" content=\"Est. reading time\" \/>\n\t<meta name=\"twitter:data1\" content=\"5 minutes\" \/>\n<script type=\"application\/ld+json\" class=\"yoast-schema-graph\">{\"@context\":\"https:\\\/\\\/schema.org\",\"@graph\":[{\"@type\":\"WebPage\",\"@id\":\"https:\\\/\\\/parkinsonvoixetdeglutition.ca\\\/?page_id=41\",\"url\":\"https:\\\/\\\/parkinsonvoixetdeglutition.ca\\\/?page_id=41\",\"name\":\"- Parkinson Voix et D\u00e9glutition % %\",\"isPartOf\":{\"@id\":\"https:\\\/\\\/parkinsonvoixetdeglutition.ca\\\/#website\"},\"primaryImageOfPage\":{\"@id\":\"https:\\\/\\\/parkinsonvoixetdeglutition.ca\\\/?page_id=41#primaryimage\"},\"image\":{\"@id\":\"https:\\\/\\\/parkinsonvoixetdeglutition.ca\\\/?page_id=41#primaryimage\"},\"thumbnailUrl\":\"https:\\\/\\\/parkinsonvoixetdeglutition.ca\\\/wp-content\\\/uploads\\\/2024\\\/07\\\/Parkinson_Voix_et_Deglutition_logo.png\",\"datePublished\":\"2023-12-22T14:49:36+00:00\",\"dateModified\":\"2024-07-23T21:17:30+00:00\",\"inLanguage\":\"en-US\",\"potentialAction\":[{\"@type\":\"ReadAction\",\"target\":[\"https:\\\/\\\/parkinsonvoixetdeglutition.ca\\\/?page_id=41\"]}]},{\"@type\":\"ImageObject\",\"inLanguage\":\"en-US\",\"@id\":\"https:\\\/\\\/parkinsonvoixetdeglutition.ca\\\/?page_id=41#primaryimage\",\"url\":\"https:\\\/\\\/parkinsonvoixetdeglutition.ca\\\/wp-content\\\/uploads\\\/2024\\\/07\\\/Parkinson_Voix_et_Deglutition_logo.png\",\"contentUrl\":\"https:\\\/\\\/parkinsonvoixetdeglutition.ca\\\/wp-content\\\/uploads\\\/2024\\\/07\\\/Parkinson_Voix_et_Deglutition_logo.png\",\"width\":873,\"height\":589},{\"@type\":\"WebSite\",\"@id\":\"https:\\\/\\\/parkinsonvoixetdeglutition.ca\\\/#website\",\"url\":\"https:\\\/\\\/parkinsonvoixetdeglutition.ca\\\/\",\"name\":\"Parkinson Voix et D\u00e9glutition\",\"description\":\"\",\"publisher\":{\"@id\":\"https:\\\/\\\/parkinsonvoixetdeglutition.ca\\\/#organization\"},\"potentialAction\":[{\"@type\":\"SearchAction\",\"target\":{\"@type\":\"EntryPoint\",\"urlTemplate\":\"https:\\\/\\\/parkinsonvoixetdeglutition.ca\\\/?s={search_term_string}\"},\"query-input\":{\"@type\":\"PropertyValueSpecification\",\"valueRequired\":true,\"valueName\":\"search_term_string\"}}],\"inLanguage\":\"en-US\"},{\"@type\":\"Organization\",\"@id\":\"https:\\\/\\\/parkinsonvoixetdeglutition.ca\\\/#organization\",\"name\":\"Labo IV\",\"url\":\"https:\\\/\\\/parkinsonvoixetdeglutition.ca\\\/\",\"logo\":{\"@type\":\"ImageObject\",\"inLanguage\":\"en-US\",\"@id\":\"https:\\\/\\\/parkinsonvoixetdeglutition.ca\\\/#\\\/schema\\\/logo\\\/image\\\/\",\"url\":\"\",\"contentUrl\":\"\",\"caption\":\"Labo IV\"},\"image\":{\"@id\":\"https:\\\/\\\/parkinsonvoixetdeglutition.ca\\\/#\\\/schema\\\/logo\\\/image\\\/\"}}]}<\/script>\n<!-- \/ Yoast SEO plugin. -->","yoast_head_json":{"title":"- Parkinson Voix et D\u00e9glutition % %","robots":{"index":"index","follow":"follow","max-snippet":"max-snippet:-1","max-image-preview":"max-image-preview:large","max-video-preview":"max-video-preview:-1"},"canonical":"https:\/\/parkinsonvoixetdeglutition.ca\/?page_id=41","og_locale":"en_US","og_type":"article","og_title":"- Parkinson Voix et D\u00e9glutition % %","og_url":"https:\/\/parkinsonvoixetdeglutition.ca\/?page_id=41","og_site_name":"Parkinson Voix et D\u00e9glutition","article_modified_time":"2024-07-23T21:17:30+00:00","og_image":[{"width":873,"height":589,"url":"http:\/\/parkinsonvoixetdeglutition.ca\/wp-content\/uploads\/2024\/07\/Parkinson_Voix_et_Deglutition_logo.png","type":"image\/png"}],"twitter_card":"summary_large_image","twitter_misc":{"Est. reading time":"5 minutes"},"schema":{"@context":"https:\/\/schema.org","@graph":[{"@type":"WebPage","@id":"https:\/\/parkinsonvoixetdeglutition.ca\/?page_id=41","url":"https:\/\/parkinsonvoixetdeglutition.ca\/?page_id=41","name":"- Parkinson Voix et D\u00e9glutition % %","isPartOf":{"@id":"https:\/\/parkinsonvoixetdeglutition.ca\/#website"},"primaryImageOfPage":{"@id":"https:\/\/parkinsonvoixetdeglutition.ca\/?page_id=41#primaryimage"},"image":{"@id":"https:\/\/parkinsonvoixetdeglutition.ca\/?page_id=41#primaryimage"},"thumbnailUrl":"https:\/\/parkinsonvoixetdeglutition.ca\/wp-content\/uploads\/2024\/07\/Parkinson_Voix_et_Deglutition_logo.png","datePublished":"2023-12-22T14:49:36+00:00","dateModified":"2024-07-23T21:17:30+00:00","inLanguage":"en-US","potentialAction":[{"@type":"ReadAction","target":["https:\/\/parkinsonvoixetdeglutition.ca\/?page_id=41"]}]},{"@type":"ImageObject","inLanguage":"en-US","@id":"https:\/\/parkinsonvoixetdeglutition.ca\/?page_id=41#primaryimage","url":"https:\/\/parkinsonvoixetdeglutition.ca\/wp-content\/uploads\/2024\/07\/Parkinson_Voix_et_Deglutition_logo.png","contentUrl":"https:\/\/parkinsonvoixetdeglutition.ca\/wp-content\/uploads\/2024\/07\/Parkinson_Voix_et_Deglutition_logo.png","width":873,"height":589},{"@type":"WebSite","@id":"https:\/\/parkinsonvoixetdeglutition.ca\/#website","url":"https:\/\/parkinsonvoixetdeglutition.ca\/","name":"Parkinson Voix et D\u00e9glutition","description":"","publisher":{"@id":"https:\/\/parkinsonvoixetdeglutition.ca\/#organization"},"potentialAction":[{"@type":"SearchAction","target":{"@type":"EntryPoint","urlTemplate":"https:\/\/parkinsonvoixetdeglutition.ca\/?s={search_term_string}"},"query-input":{"@type":"PropertyValueSpecification","valueRequired":true,"valueName":"search_term_string"}}],"inLanguage":"en-US"},{"@type":"Organization","@id":"https:\/\/parkinsonvoixetdeglutition.ca\/#organization","name":"Labo IV","url":"https:\/\/parkinsonvoixetdeglutition.ca\/","logo":{"@type":"ImageObject","inLanguage":"en-US","@id":"https:\/\/parkinsonvoixetdeglutition.ca\/#\/schema\/logo\/image\/","url":"","contentUrl":"","caption":"Labo IV"},"image":{"@id":"https:\/\/parkinsonvoixetdeglutition.ca\/#\/schema\/logo\/image\/"}}]}},"_links":{"self":[{"href":"https:\/\/parkinsonvoixetdeglutition.ca\/index.php?rest_route=\/wp\/v2\/pages\/41","targetHints":{"allow":["GET"]}}],"collection":[{"href":"https:\/\/parkinsonvoixetdeglutition.ca\/index.php?rest_route=\/wp\/v2\/pages"}],"about":[{"href":"https:\/\/parkinsonvoixetdeglutition.ca\/index.php?rest_route=\/wp\/v2\/types\/page"}],"author":[{"embeddable":true,"href":"https:\/\/parkinsonvoixetdeglutition.ca\/index.php?rest_route=\/wp\/v2\/users\/2"}],"replies":[{"embeddable":true,"href":"https:\/\/parkinsonvoixetdeglutition.ca\/index.php?rest_route=%2Fwp%2Fv2%2Fcomments&post=41"}],"version-history":[{"count":36,"href":"https:\/\/parkinsonvoixetdeglutition.ca\/index.php?rest_route=\/wp\/v2\/pages\/41\/revisions"}],"predecessor-version":[{"id":373,"href":"https:\/\/parkinsonvoixetdeglutition.ca\/index.php?rest_route=\/wp\/v2\/pages\/41\/revisions\/373"}],"wp:featuredmedia":[{"embeddable":true,"href":"https:\/\/parkinsonvoixetdeglutition.ca\/index.php?rest_route=\/wp\/v2\/media\/295"}],"wp:attachment":[{"href":"https:\/\/parkinsonvoixetdeglutition.ca\/index.php?rest_route=%2Fwp%2Fv2%2Fmedia&parent=41"}],"curies":[{"name":"wp","href":"https:\/\/api.w.org\/{rel}","templated":true}]}}